{"id":132,"date":"2025-03-10T22:10:56","date_gmt":"2025-03-10T22:10:56","guid":{"rendered":"https:\/\/mezcalflordenuni.com.mx\/?page_id=132"},"modified":"2025-03-12T18:32:31","modified_gmt":"2025-03-12T18:32:31","slug":"sustentabilidad","status":"publish","type":"page","link":"https:\/\/mezcalflordenuni.com.mx\/index.php\/sustentabilidad\/","title":{"rendered":"Sustentabilidad"},"content":{"rendered":"<p>[et_pb_section fb_built=\u00bb1&#8243; _builder_version=\u00bb4.27.4&#8243; _module_preset=\u00bbdefault\u00bb background_image=\u00bbhttps:\/\/mezcalflordenuni.com.mx\/wp-content\/uploads\/2025\/03\/fondo-susntetabilidad.png\u00bb custom_padding=\u00bb100px||||false|false\u00bb global_colors_info=\u00bb{}\u00bb][et_pb_row _builder_version=\u00bb4.27.4&#8243; _module_preset=\u00bbdefault\u00bb global_colors_info=\u00bb{}\u00bb][et_pb_column type=\u00bb4_4&#8243; _builder_version=\u00bb4.27.4&#8243; _module_preset=\u00bbdefault\u00bb global_colors_info=\u00bb{}\u00bb][et_pb_heading title=\u00bbLa esencia viva  del mezcal mexicano\u00bb _builder_version=\u00bb4.27.4&#8243; _module_preset=\u00bbdefault\u00bb title_font=\u00bbbook antiqua||||||||\u00bb title_text_align=\u00bbcenter\u00bb title_text_color=\u00bb#FFFFFF\u00bb title_font_size=\u00bb83px\u00bb max_width=\u00bb78%\u00bb module_alignment=\u00bbcenter\u00bb title_font_size_tablet=\u00bb54px\u00bb title_font_size_phone=\u00bb29px\u00bb title_font_size_last_edited=\u00bbon|phone\u00bb global_colors_info=\u00bb{}\u00bb][\/et_pb_heading][\/et_pb_column][\/et_pb_row][\/et_pb_section][et_pb_section fb_built=\u00bb1&#8243; _builder_version=\u00bb4.27.4&#8243; _module_preset=\u00bbdefault\u00bb background_image=\u00bbhttps:\/\/mezcalflordenuni.com.mx\/wp-content\/uploads\/2025\/03\/fondo-gris-1.png\u00bb global_colors_info=\u00bb{}\u00bb][et_pb_row column_structure=\u00bb1_2,1_2&#8243; _builder_version=\u00bb4.27.4&#8243; _module_preset=\u00bbdefault\u00bb max_width=\u00bb1363px\u00bb module_alignment=\u00bbcenter\u00bb global_colors_info=\u00bb{}\u00bb][et_pb_column type=\u00bb1_2&#8243; _builder_version=\u00bb4.27.4&#8243; _module_preset=\u00bbdefault\u00bb global_colors_info=\u00bb{}\u00bb][et_pb_heading title=\u00bbCalidad y tradici\u00f3n en cada sorbo\u00bb _builder_version=\u00bb4.27.4&#8243; _module_preset=\u00bbdefault\u00bb title_font=\u00bbbook antiqua||||||||\u00bb title_text_color=\u00bbgcid-e6c6e29a-3fb5-48ba-850a-81cf03ce3598&#8243; title_font_size=\u00bb32px\u00bb custom_margin=\u00bb||10px||false|false\u00bb global_colors_info=\u00bb{%22gcid-e6c6e29a-3fb5-48ba-850a-81cf03ce3598%22:%91%22title_text_color%22%93}\u00bb][\/et_pb_heading][et_pb_divider color=\u00bbgcid-e6c6e29a-3fb5-48ba-850a-81cf03ce3598&#8243; divider_weight=\u00bb2px\u00bb _builder_version=\u00bb4.27.4&#8243; _module_preset=\u00bbdefault\u00bb max_width=\u00bb33%\u00bb custom_margin=\u00bb||10px||false|false\u00bb global_colors_info=\u00bb{%22gcid-e6c6e29a-3fb5-48ba-850a-81cf03ce3598%22:%91%22color%22%93}\u00bb][\/et_pb_divider][et_pb_text _builder_version=\u00bb4.27.4&#8243; _module_preset=\u00bbdefault\u00bb text_font=\u00bbbook antiqua||||||||\u00bb text_text_color=\u00bb#000000&#8243; text_font_size=\u00bb18px\u00bb text_line_height=\u00bb1.6em\u00bb max_width=\u00bb78%\u00bb global_colors_info=\u00bb{}\u00bb]<\/p>\n<p style=\"text-align: justify;\">Flor de \u00d1uni es un mezcal extraordinario que deja una huella en el mundo sensorial con cada sorbo. Su inigualable calidad y sabor es el sello distintivo, resultado de un proceso artesanal que preserva la autenticidad y pureza del mezcal.<\/p>\n<p>[\/et_pb_text][\/et_pb_column][et_pb_column type=\u00bb1_2&#8243; _builder_version=\u00bb4.27.4&#8243; _module_preset=\u00bbdefault\u00bb global_colors_info=\u00bb{}\u00bb][et_pb_heading title=\u00bbProducci\u00f3n org\u00e1nico-artesanal\u00bb _builder_version=\u00bb4.27.4&#8243; _module_preset=\u00bbdefault\u00bb title_font=\u00bbbook antiqua||||||||\u00bb title_text_color=\u00bbgcid-e6c6e29a-3fb5-48ba-850a-81cf03ce3598&#8243; title_font_size=\u00bb32px\u00bb custom_margin=\u00bb||10px||false|false\u00bb global_colors_info=\u00bb{%22gcid-e6c6e29a-3fb5-48ba-850a-81cf03ce3598%22:%91%22title_text_color%22%93}\u00bb][\/et_pb_heading][et_pb_divider color=\u00bbgcid-e6c6e29a-3fb5-48ba-850a-81cf03ce3598&#8243; divider_weight=\u00bb2px\u00bb _builder_version=\u00bb4.27.4&#8243; _module_preset=\u00bbdefault\u00bb max_width=\u00bb33%\u00bb custom_margin=\u00bb||10px||false|false\u00bb global_colors_info=\u00bb{%22gcid-e6c6e29a-3fb5-48ba-850a-81cf03ce3598%22:%91%22color%22%93}\u00bb][\/et_pb_divider][et_pb_text _builder_version=\u00bb4.27.4&#8243; _module_preset=\u00bbdefault\u00bb text_font=\u00bbbook antiqua||||||||\u00bb text_text_color=\u00bb#000000&#8243; text_font_size=\u00bb18px\u00bb text_line_height=\u00bb1.6em\u00bb max_width=\u00bb78%\u00bb global_colors_info=\u00bb{}\u00bb]<\/p>\n<p style=\"text-align: justify;\">Honramos las t\u00e9cnicas tradicionales de producci\u00f3n, evitando el uso de elementos artificiales e industriales. Cada botella es el reflejo del respeto por el legado del mezcal, manteniendo intacta su esencia \u00fanica.<\/p>\n<p>[\/et_pb_text][\/et_pb_column][\/et_pb_row][\/et_pb_section][et_pb_section fb_built=\u00bb1&#8243; _builder_version=\u00bb4.27.4&#8243; _module_preset=\u00bbdefault\u00bb background_image=\u00bbhttps:\/\/mezcalflordenuni.com.mx\/wp-content\/uploads\/2025\/03\/fondo-susntetabilidad-2-1.png\u00bb global_colors_info=\u00bb{}\u00bb][et_pb_row _builder_version=\u00bb4.27.4&#8243; _module_preset=\u00bbdefault\u00bb global_colors_info=\u00bb{}\u00bb][et_pb_column type=\u00bb4_4&#8243; _builder_version=\u00bb4.27.4&#8243; _module_preset=\u00bbdefault\u00bb global_colors_info=\u00bb{}\u00bb][et_pb_heading title=\u00bbCompromiso con la sustenibilidad\u00bb _builder_version=\u00bb4.27.4&#8243; _module_preset=\u00bbdefault\u00bb title_font=\u00bbbook antiqua||||||||\u00bb title_text_align=\u00bbcenter\u00bb title_text_color=\u00bbgcid-e6c6e29a-3fb5-48ba-850a-81cf03ce3598&#8243; title_font_size=\u00bb49px\u00bb title_font_size_tablet=\u00bb37px\u00bb title_font_size_phone=\u00bb37px\u00bb title_font_size_last_edited=\u00bbon|phone\u00bb global_colors_info=\u00bb{%22gcid-e6c6e29a-3fb5-48ba-850a-81cf03ce3598%22:%91%22title_text_color%22%93}\u00bb][\/et_pb_heading][et_pb_divider color=\u00bbgcid-e6c6e29a-3fb5-48ba-850a-81cf03ce3598&#8243; divider_weight=\u00bb2px\u00bb _builder_version=\u00bb4.27.4&#8243; _module_preset=\u00bbdefault\u00bb width=\u00bb33%\u00bb module_alignment=\u00bbcenter\u00bb custom_margin=\u00bb||5px||false|false\u00bb global_colors_info=\u00bb{%22gcid-e6c6e29a-3fb5-48ba-850a-81cf03ce3598%22:%91%22color%22%93}\u00bb][\/et_pb_divider][et_pb_text _builder_version=\u00bb4.27.4&#8243; _module_preset=\u00bbdefault\u00bb text_font=\u00bbbook antiqua||||||||\u00bb text_text_color=\u00bb#000000&#8243; text_font_size=\u00bb25px\u00bb text_line_height=\u00bb1.4em\u00bb text_orientation=\u00bbcenter\u00bb max_width=\u00bb82%\u00bb max_width_tablet=\u00bb100%\u00bb max_width_phone=\u00bb100%\u00bb max_width_last_edited=\u00bbon|tablet\u00bb module_alignment=\u00bbcenter\u00bb text_font_size_tablet=\u00bb20px\u00bb text_font_size_phone=\u00bb20px\u00bb text_font_size_last_edited=\u00bbon|tablet\u00bb global_colors_info=\u00bb{}\u00bb]<\/p>\n<p>Nuestra marca est\u00e1 comprometida con la implementaci\u00f3n de pr\u00e1cticas responsables y sostenibles en toda la cadena de producci\u00f3n.<\/p>\n<p>[\/et_pb_text][\/et_pb_column][\/et_pb_row][et_pb_row column_structure=\u00bb1_3,1_3,1_3&#8243; _builder_version=\u00bb4.27.4&#8243; _module_preset=\u00bbdefault\u00bb max_width=\u00bb1622px\u00bb global_colors_info=\u00bb{}\u00bb][et_pb_column type=\u00bb1_3&#8243; _builder_version=\u00bb4.27.4&#8243; _module_preset=\u00bbdefault\u00bb global_colors_info=\u00bb{}\u00bb][et_pb_image src=\u00bbhttps:\/\/mezcalflordenuni.com.mx\/wp-content\/uploads\/2025\/03\/icono-1.png\u00bb title_text=\u00bbicono-1&#8243; align=\u00bbcenter\u00bb _builder_version=\u00bb4.27.4&#8243; _module_preset=\u00bbdefault\u00bb width=\u00bb29%\u00bb max_width=\u00bb100%\u00bb module_alignment=\u00bbcenter\u00bb custom_margin=\u00bb||5px||false|false\u00bb global_colors_info=\u00bb{}\u00bb][\/et_pb_image][et_pb_heading title=\u00bbCuidamos  la biodiversidad\u00bb _builder_version=\u00bb4.27.4&#8243; _module_preset=\u00bbdefault\u00bb title_font=\u00bbbook antiqua||||||||\u00bb title_text_align=\u00bbcenter\u00bb title_text_color=\u00bb#000000&#8243; global_colors_info=\u00bb{}\u00bb][\/et_pb_heading][\/et_pb_column][et_pb_column type=\u00bb1_3&#8243; _builder_version=\u00bb4.27.4&#8243; _module_preset=\u00bbdefault\u00bb global_colors_info=\u00bb{}\u00bb][et_pb_image src=\u00bbhttps:\/\/mezcalflordenuni.com.mx\/wp-content\/uploads\/2025\/03\/icono-2.png\u00bb title_text=\u00bbicono-2&#8243; align=\u00bbcenter\u00bb _builder_version=\u00bb4.27.4&#8243; _module_preset=\u00bbdefault\u00bb width=\u00bb29%\u00bb max_width=\u00bb100%\u00bb module_alignment=\u00bbcenter\u00bb custom_margin=\u00bb||5px||false|false\u00bb global_colors_info=\u00bb{}\u00bb][\/et_pb_image][et_pb_heading title=\u00bbPreservamos  el maguey\u00bb _builder_version=\u00bb4.27.4&#8243; _module_preset=\u00bbdefault\u00bb title_font=\u00bbbook antiqua||||||||\u00bb title_text_align=\u00bbcenter\u00bb title_text_color=\u00bb#000000&#8243; global_colors_info=\u00bb{}\u00bb][\/et_pb_heading][\/et_pb_column][et_pb_column type=\u00bb1_3&#8243; _builder_version=\u00bb4.27.4&#8243; _module_preset=\u00bbdefault\u00bb global_colors_info=\u00bb{}\u00bb][et_pb_image src=\u00bbhttps:\/\/mezcalflordenuni.com.mx\/wp-content\/uploads\/2025\/03\/icono-3.png\u00bb title_text=\u00bbicono-3&#8243; align=\u00bbcenter\u00bb _builder_version=\u00bb4.27.4&#8243; _module_preset=\u00bbdefault\u00bb width=\u00bb29%\u00bb max_width=\u00bb100%\u00bb module_alignment=\u00bbcenter\u00bb custom_margin=\u00bb||5px||false|false\u00bb global_colors_info=\u00bb{}\u00bb][\/et_pb_image][et_pb_heading title=\u00bbFortalecemos las  tradiciones culturales\u00bb _builder_version=\u00bb4.27.4&#8243; _module_preset=\u00bbdefault\u00bb title_font=\u00bbbook antiqua||||||||\u00bb title_text_align=\u00bbcenter\u00bb title_text_color=\u00bb#000000&#8243; global_colors_info=\u00bb{}\u00bb][\/et_pb_heading][\/et_pb_column][\/et_pb_row][\/et_pb_section][et_pb_section fb_built=\u00bb1&#8243; _builder_version=\u00bb4.27.4&#8243; _module_preset=\u00bbdefault\u00bb background_image=\u00bbhttps:\/\/mezcalflordenuni.com.mx\/wp-content\/uploads\/2025\/03\/fondo-gris-1.png\u00bb global_colors_info=\u00bb{}\u00bb][et_pb_row column_structure=\u00bb1_2,1_2&#8243; _builder_version=\u00bb4.27.4&#8243; _module_preset=\u00bbdefault\u00bb global_colors_info=\u00bb{}\u00bb][et_pb_column type=\u00bb1_2&#8243; _builder_version=\u00bb4.27.4&#8243; _module_preset=\u00bbdefault\u00bb custom_padding=\u00bb100px||||false|false\u00bb custom_padding_tablet=\u00bb100px||||false|false\u00bb custom_padding_phone=\u00bb0px||||false|false\u00bb custom_padding_last_edited=\u00bbon|desktop\u00bb global_colors_info=\u00bb{}\u00bb][et_pb_heading title=\u00bbUn orgullo de M\u00e9xico \u00bb _builder_version=\u00bb4.27.4&#8243; _module_preset=\u00bbdefault\u00bb title_font=\u00bbbook antiqua|500|||||||\u00bb title_text_color=\u00bbgcid-e6c6e29a-3fb5-48ba-850a-81cf03ce3598&#8243; title_font_size=\u00bb40px\u00bb custom_margin=\u00bb||0px||false|false\u00bb global_colors_info=\u00bb{%22gcid-e6c6e29a-3fb5-48ba-850a-81cf03ce3598%22:%91%22title_text_color%22%93}\u00bb][\/et_pb_heading][et_pb_heading title=\u00bbpara el mundo\u00bb _builder_version=\u00bb4.27.4&#8243; _module_preset=\u00bbdefault\u00bb title_font=\u00bbbook antiqua||||||||\u00bb title_text_color=\u00bbgcid-e6c6e29a-3fb5-48ba-850a-81cf03ce3598&#8243; custom_margin=\u00bb||10px||false|false\u00bb global_colors_info=\u00bb{%22gcid-e6c6e29a-3fb5-48ba-850a-81cf03ce3598%22:%91%22title_text_color%22%93}\u00bb][\/et_pb_heading][et_pb_divider color=\u00bbgcid-e6c6e29a-3fb5-48ba-850a-81cf03ce3598&#8243; divider_weight=\u00bb2px\u00bb _builder_version=\u00bb4.27.4&#8243; _module_preset=\u00bbdefault\u00bb width=\u00bb51%\u00bb custom_margin=\u00bb||10px||false|false\u00bb global_colors_info=\u00bb{%22gcid-e6c6e29a-3fb5-48ba-850a-81cf03ce3598%22:%91%22color%22%93}\u00bb][\/et_pb_divider][et_pb_text _builder_version=\u00bb4.27.4&#8243; _module_preset=\u00bbdefault\u00bb text_font=\u00bbbook antiqua||||||||\u00bb text_text_color=\u00bb#000000&#8243; text_font_size=\u00bb21px\u00bb text_line_height=\u00bb1.6em\u00bb max_width=\u00bb90%\u00bb global_colors_info=\u00bb{}\u00bb]<\/p>\n<p style=\"text-align: justify;\">Flor de \u00d1uni es m\u00e1s que un mezcal, es una historia de pasi\u00f3n y respeto por la tierra. Con cada copa, celebramos el arte y la herencia de generaciones, asegurando que el mezcal siga siendo un s\u00edmbolo de identidad y orgullo mexicano.<\/p>\n<p>[\/et_pb_text][\/et_pb_column][et_pb_column type=\u00bb1_2&#8243; _builder_version=\u00bb4.27.4&#8243; _module_preset=\u00bbdefault\u00bb global_colors_info=\u00bb{}\u00bb][et_pb_image src=\u00bbhttps:\/\/mezcalflordenuni.com.mx\/wp-content\/uploads\/2025\/03\/orgullo-mexicano.png\u00bb title_text=\u00bborgullo-mexicano\u00bb align=\u00bbcenter\u00bb _builder_version=\u00bb4.27.4&#8243; _module_preset=\u00bbdefault\u00bb max_width=\u00bb73%\u00bb global_colors_info=\u00bb{}\u00bb][\/et_pb_image][\/et_pb_column][\/et_pb_row][\/et_pb_section][et_pb_section fb_built=\u00bb1&#8243; _builder_version=\u00bb4.27.4&#8243; _module_preset=\u00bbdefault\u00bb background_image=\u00bbhttps:\/\/mezcalflordenuni.com.mx\/wp-content\/uploads\/2025\/03\/reconocimientos.png\u00bb global_colors_info=\u00bb{}\u00bb][et_pb_row _builder_version=\u00bb4.27.4&#8243; _module_preset=\u00bbdefault\u00bb global_colors_info=\u00bb{}\u00bb][et_pb_column type=\u00bb4_4&#8243; _builder_version=\u00bb4.27.4&#8243; _module_preset=\u00bbdefault\u00bb global_colors_info=\u00bb{}\u00bb][et_pb_heading title=\u00bbReconocimientos y Premios\u00bb _builder_version=\u00bb4.27.4&#8243; _module_preset=\u00bbdefault\u00bb title_font=\u00bbbook antiqua|500|||||||\u00bb title_text_align=\u00bbcenter\u00bb title_text_color=\u00bb#FFFFFF\u00bb title_font_size=\u00bb70px\u00bb title_font_size_tablet=\u00bb49px\u00bb title_font_size_phone=\u00bb32px\u00bb title_font_size_last_edited=\u00bbon|phone\u00bb global_colors_info=\u00bb{}\u00bb][\/et_pb_heading][\/et_pb_column][\/et_pb_row][\/et_pb_section][et_pb_section fb_built=\u00bb1&#8243; _builder_version=\u00bb4.27.4&#8243; _module_preset=\u00bbdefault\u00bb background_image=\u00bbhttps:\/\/mezcalflordenuni.com.mx\/wp-content\/uploads\/2025\/03\/fondo-reconocimiento.png\u00bb global_colors_info=\u00bb{}\u00bb][et_pb_row _builder_version=\u00bb4.27.4&#8243; _module_preset=\u00bbdefault\u00bb global_colors_info=\u00bb{}\u00bb][et_pb_column type=\u00bb4_4&#8243; _builder_version=\u00bb4.27.4&#8243; _module_preset=\u00bbdefault\u00bb global_colors_info=\u00bb{}\u00bb][et_pb_heading title=\u00bbUn mezcal galardonado\u00bb _builder_version=\u00bb4.27.4&#8243; _module_preset=\u00bbdefault\u00bb title_font=\u00bbbook antiqua|500||on|||||\u00bb title_text_align=\u00bbcenter\u00bb title_text_color=\u00bbgcid-e6c6e29a-3fb5-48ba-850a-81cf03ce3598&#8243; title_font_size=\u00bb56px\u00bb custom_margin=\u00bb||10px||false|false\u00bb title_font_size_tablet=\u00bb40px\u00bb title_font_size_phone=\u00bb31px\u00bb title_font_size_last_edited=\u00bbon|phone\u00bb global_colors_info=\u00bb{%22gcid-e6c6e29a-3fb5-48ba-850a-81cf03ce3598%22:%91%22title_text_color%22%93}\u00bb][\/et_pb_heading][dsm_text_divider header=\u00bbDesde su creaci\u00f3n\u00bb color=\u00bbgcid-e6c6e29a-3fb5-48ba-850a-81cf03ce3598&#8243; divider_weight=\u00bb2px\u00bb text_gap=\u00bb33px\u00bb _builder_version=\u00bb4.27.4&#8243; _module_preset=\u00bbdefault\u00bb header_font=\u00bbbook antiqua|500|||||||\u00bb header_text_align=\u00bbcenter\u00bb header_text_color=\u00bbgcid-e6c6e29a-3fb5-48ba-850a-81cf03ce3598&#8243; header_font_size=\u00bb47px\u00bb width=\u00bb78%\u00bb module_alignment=\u00bbcenter\u00bb custom_margin=\u00bb0px||||false|false\u00bb custom_padding=\u00bb0px||||false|false\u00bb header_font_size_tablet=\u00bb34px\u00bb header_font_size_phone=\u00bb28px\u00bb header_font_size_last_edited=\u00bbon|phone\u00bb global_colors_info=\u00bb{%22gcid-e6c6e29a-3fb5-48ba-850a-81cf03ce3598%22:%91%22color%22,%22header_text_color%22%93}\u00bb][\/dsm_text_divider][\/et_pb_column][\/et_pb_row][et_pb_row column_structure=\u00bb1_2,1_2&#8243; _builder_version=\u00bb4.27.4&#8243; _module_preset=\u00bbdefault\u00bb global_colors_info=\u00bb{}\u00bb][et_pb_column type=\u00bb1_2&#8243; _builder_version=\u00bb4.27.4&#8243; _module_preset=\u00bbdefault\u00bb global_colors_info=\u00bb{}\u00bb][et_pb_image src=\u00bbhttps:\/\/mezcalflordenuni.com.mx\/wp-content\/uploads\/2025\/03\/premios.png\u00bb title_text=\u00bbpremios\u00bb align=\u00bbcenter\u00bb _builder_version=\u00bb4.27.4&#8243; _module_preset=\u00bbdefault\u00bb max_width=\u00bb67%\u00bb global_colors_info=\u00bb{}\u00bb][\/et_pb_image][\/et_pb_column][et_pb_column type=\u00bb1_2&#8243; _builder_version=\u00bb4.27.4&#8243; _module_preset=\u00bbdefault\u00bb global_colors_info=\u00bb{}\u00bb][et_pb_text _builder_version=\u00bb4.27.4&#8243; _module_preset=\u00bbdefault\u00bb text_font=\u00bbbook antiqua||||||||\u00bb text_text_color=\u00bb#000000&#8243; text_font_size=\u00bb25px\u00bb text_line_height=\u00bb1.5em\u00bb header_font_size=\u00bb25px\u00bb header_line_height=\u00bb1.1em\u00bb width=\u00bb93%\u00bb custom_margin=\u00bb100px||||false|false\u00bb global_colors_info=\u00bb{}\u00bb]<\/p>\n<p style=\"text-align: justify;\">Desde su nacimiento en 2022, Flor de \u00d1uni ha conquistado al p\u00fablico con su extraordinario sabor y calidad en cada una de sus variedades: Espad\u00edn, Tobal\u00e1, Tepeztate y Ensamble. Su excelencia ha sido reconocida en prestigiosos concursos de la industria del mezcal, obteniendo m\u00faltiples galardones.<\/p>\n<p>[\/et_pb_text][\/et_pb_column][\/et_pb_row][\/et_pb_section][et_pb_section fb_built=\u00bb1&#8243; use_custom_gutter=\u00bbon\u00bb gutter_width=\u00bb2&#8243; specialty=\u00bbon\u00bb _builder_version=\u00bb4.27.4&#8243; _module_preset=\u00bbdefault\u00bb background_image=\u00bbhttps:\/\/mezcalflordenuni.com.mx\/wp-content\/uploads\/2025\/03\/fondo-susntetabilidad-2-1.png\u00bb max_width=\u00bb100%\u00bb hover_enabled=\u00bb0&#8243; global_colors_info=\u00bb{}\u00bb title_text=\u00bbfondo-susntetabilidad-2&#8243; sticky_enabled=\u00bb0&#8243;][et_pb_column type=\u00bb1_3&#8243; _builder_version=\u00bb4.16&#8243; custom_padding=\u00bb|||\u00bb global_colors_info=\u00bb{}\u00bb custom_padding__hover=\u00bb|||\u00bb][et_pb_image src=\u00bbhttps:\/\/mezcalflordenuni.com.mx\/wp-content\/uploads\/2025\/03\/eventos-2.png\u00bb title_text=\u00bbeventos-2&#8243; align_tablet=\u00bbcenter\u00bb align_phone=\u00bbcenter\u00bb align_last_edited=\u00bbon|tablet\u00bb _builder_version=\u00bb4.27.4&#8243; _module_preset=\u00bbdefault\u00bb max_width_tablet=\u00bb50%\u00bb max_width_phone=\u00bb50%\u00bb max_width_last_edited=\u00bbon|tablet\u00bb global_colors_info=\u00bb{}\u00bb][\/et_pb_image][\/et_pb_column][et_pb_column type=\u00bb2_3&#8243; specialty_columns=\u00bb2&#8243; _builder_version=\u00bb4.16&#8243; custom_padding=\u00bb|||\u00bb global_colors_info=\u00bb{}\u00bb custom_padding__hover=\u00bb|||\u00bb][et_pb_row_inner _builder_version=\u00bb4.27.4&#8243; _module_preset=\u00bbdefault\u00bb custom_padding=\u00bb||0px||false|false\u00bb global_colors_info=\u00bb{}\u00bb][et_pb_column_inner saved_specialty_column_type=\u00bb2_3&#8243; _builder_version=\u00bb4.27.4&#8243; _module_preset=\u00bbdefault\u00bb custom_padding=\u00bb||0px||false|false\u00bb global_colors_info=\u00bb{}\u00bb][et_pb_image src=\u00bbhttps:\/\/mezcalflordenuni.com.mx\/wp-content\/uploads\/2025\/03\/eventos-1.png\u00bb title_text=\u00bbeventos-1&#8243; align_tablet=\u00bbcenter\u00bb align_phone=\u00bbcenter\u00bb align_last_edited=\u00bbon|tablet\u00bb _builder_version=\u00bb4.27.4&#8243; _module_preset=\u00bbdefault\u00bb width_tablet=\u00bb70%\u00bb width_phone=\u00bb70%\u00bb width_last_edited=\u00bbon|tablet\u00bb global_colors_info=\u00bb{}\u00bb][\/et_pb_image][\/et_pb_column_inner][\/et_pb_row_inner][et_pb_row_inner column_structure=\u00bb1_2,1_2&#8243; _builder_version=\u00bb4.27.4&#8243; _module_preset=\u00bbdefault\u00bb custom_padding=\u00bb11px||||false|false\u00bb global_colors_info=\u00bb{}\u00bb][et_pb_column_inner type=\u00bb1_2&#8243; saved_specialty_column_type=\u00bb2_3&#8243; _builder_version=\u00bb4.27.4&#8243; _module_preset=\u00bbdefault\u00bb global_colors_info=\u00bb{}\u00bb][et_pb_image src=\u00bbhttps:\/\/mezcalflordenuni.com.mx\/wp-content\/uploads\/2025\/03\/eventos-3.png\u00bb title_text=\u00bbeventos-3&#8243; align_tablet=\u00bbcenter\u00bb align_phone=\u00bbcenter\u00bb align_last_edited=\u00bbon|tablet\u00bb _builder_version=\u00bb4.27.4&#8243; _module_preset=\u00bbdefault\u00bb width_tablet=\u00bb70%\u00bb width_phone=\u00bb70%\u00bb width_last_edited=\u00bbon|tablet\u00bb global_colors_info=\u00bb{}\u00bb][\/et_pb_image][\/et_pb_column_inner][et_pb_column_inner type=\u00bb1_2&#8243; saved_specialty_column_type=\u00bb2_3&#8243; _builder_version=\u00bb4.27.4&#8243; _module_preset=\u00bbdefault\u00bb global_colors_info=\u00bb{}\u00bb][et_pb_image src=\u00bbhttps:\/\/mezcalflordenuni.com.mx\/wp-content\/uploads\/2025\/03\/eventos-4.png\u00bb title_text=\u00bbeventos-4&#8243; align_tablet=\u00bbcenter\u00bb align_phone=\u00bbcenter\u00bb align_last_edited=\u00bbon|tablet\u00bb _builder_version=\u00bb4.27.4&#8243; _module_preset=\u00bbdefault\u00bb width_tablet=\u00bb70%\u00bb width_phone=\u00bb70%\u00bb width_last_edited=\u00bbon|tablet\u00bb global_colors_info=\u00bb{}\u00bb][\/et_pb_image][\/et_pb_column_inner][\/et_pb_row_inner][\/et_pb_column][\/et_pb_section][et_pb_section fb_built=\u00bb1&#8243; _builder_version=\u00bb4.27.4&#8243; _module_preset=\u00bbdefault\u00bb background_video_webm=\u00bbhttps:\/\/mezcalflordenuni.com.mx\/wp-content\/uploads\/2025\/03\/03132.mp4&#8243; custom_margin=\u00bb50px||||false|false\u00bb custom_padding=\u00bb100px||200px||false|false\u00bb global_colors_info=\u00bb{}\u00bb][et_pb_row _builder_version=\u00bb4.27.4&#8243; _module_preset=\u00bbdefault\u00bb custom_margin=\u00bb50px||||false|false\u00bb global_colors_info=\u00bb{}\u00bb][et_pb_column type=\u00bb4_4&#8243; _builder_version=\u00bb4.27.4&#8243; _module_preset=\u00bbdefault\u00bb global_colors_info=\u00bb{}\u00bb][et_pb_heading title=\u00bbPremios que respaldan\u00bb _builder_version=\u00bb4.27.4&#8243; _module_preset=\u00bbdefault\u00bb title_font=\u00bbbook antiqua|||on|||||\u00bb title_text_align=\u00bbcenter\u00bb title_text_color=\u00bb#FFFFFF\u00bb title_font_size=\u00bb71px\u00bb title_font_size_tablet=\u00bb43px\u00bb title_font_size_phone=\u00bb36px\u00bb title_font_size_last_edited=\u00bbon|phone\u00bb global_colors_info=\u00bb{}\u00bb][\/et_pb_heading][dsm_text_divider header=\u00bbNuestra Calidad\u00bb color=\u00bb#FFFFFF\u00bb divider_weight=\u00bb3px\u00bb text_gap=\u00bb23px\u00bb _builder_version=\u00bb4.27.4&#8243; _module_preset=\u00bbdefault\u00bb header_font=\u00bbbook antiqua|500|||||||\u00bb header_text_color=\u00bb#FFFFFF\u00bb header_font_size=\u00bb57px\u00bb width=\u00bb79%\u00bb module_alignment=\u00bbcenter\u00bb header_font_size_tablet=\u00bb48px\u00bb header_font_size_phone=\u00bb35px\u00bb header_font_size_last_edited=\u00bbon|phone\u00bb global_colors_info=\u00bb{}\u00bb][\/dsm_text_divider][\/et_pb_column][\/et_pb_row][et_pb_row _builder_version=\u00bb4.27.4&#8243; _module_preset=\u00bbdefault\u00bb global_colors_info=\u00bb{}\u00bb][et_pb_column type=\u00bb4_4&#8243; _builder_version=\u00bb4.27.4&#8243; _module_preset=\u00bbdefault\u00bb global_colors_info=\u00bb{}\u00bb][et_pb_text _builder_version=\u00bb4.27.4&#8243; _module_preset=\u00bbdefault\u00bb text_font=\u00bbbook antiqua||||||||\u00bb text_text_color=\u00bb#FFFFFF\u00bb text_font_size=\u00bb32px\u00bb text_line_height=\u00bb1.3em\u00bb text_font_size_tablet=\u00bb27px\u00bb text_font_size_phone=\u00bb22px\u00bb text_font_size_last_edited=\u00bbon|phone\u00bb global_colors_info=\u00bb{}\u00bb]<\/p>\n<p style=\"text-align: justify;\">El esfuerzo y la pasi\u00f3n de nuestro equipo han sido clave en la obtenci\u00f3n de estos reconocimientos, otorgados por importantes organizaciones del sector<\/p>\n<p>[\/et_pb_text][\/et_pb_column][\/et_pb_row][\/et_pb_section][et_pb_section fb_built=\u00bb1&#8243; _builder_version=\u00bb4.27.4&#8243; _module_preset=\u00bbdefault\u00bb background_image=\u00bbhttps:\/\/mezcalflordenuni.com.mx\/wp-content\/uploads\/2025\/03\/fondo-gris.png\u00bb global_colors_info=\u00bb{}\u00bb][et_pb_row column_structure=\u00bb2_5,3_5&#8243; _builder_version=\u00bb4.27.4&#8243; _module_preset=\u00bbdefault\u00bb background_image=\u00bbhttps:\/\/mezcalflordenuni.com.mx\/wp-content\/uploads\/2025\/03\/fondo-premios.png\u00bb background_position=\u00bbbottom_center\u00bb width=\u00bb100%\u00bb max_width=\u00bb2294px\u00bb global_colors_info=\u00bb{}\u00bb][et_pb_column type=\u00bb2_5&#8243; _builder_version=\u00bb4.27.4&#8243; _module_preset=\u00bbdefault\u00bb global_colors_info=\u00bb{}\u00bb][et_pb_image src=\u00bbhttps:\/\/mezcalflordenuni.com.mx\/wp-content\/uploads\/2025\/03\/medalla.png\u00bb title_text=\u00bbmedalla\u00bb align=\u00bbright\u00bb align_tablet=\u00bbcenter\u00bb align_phone=\u00bbcenter\u00bb align_last_edited=\u00bbon|phone\u00bb _builder_version=\u00bb4.27.4&#8243; _module_preset=\u00bbdefault\u00bb max_width=\u00bb41%\u00bb max_width_tablet=\u00bb31%\u00bb max_width_phone=\u00bb31%\u00bb max_width_last_edited=\u00bbon|tablet\u00bb global_colors_info=\u00bb{}\u00bb][\/et_pb_image][\/et_pb_column][et_pb_column type=\u00bb3_5&#8243; _builder_version=\u00bb4.27.4&#8243; _module_preset=\u00bbdefault\u00bb custom_padding=\u00bb50px||||false|false\u00bb custom_padding_tablet=\u00bb0px|||40px|false|false\u00bb custom_padding_phone=\u00bb0px|||20px|false|false\u00bb custom_padding_last_edited=\u00bbon|phone\u00bb global_colors_info=\u00bb{}\u00bb][et_pb_heading title=\u00bb Premios 2023 \u00bb _builder_version=\u00bb4.27.4&#8243; _module_preset=\u00bbdefault\u00bb title_font=\u00bbbook antiqua||||||||\u00bb title_text_color=\u00bbgcid-e6c6e29a-3fb5-48ba-850a-81cf03ce3598&#8243; title_font_size=\u00bb51px\u00bb custom_margin=\u00bb50px||0px||false|false\u00bb custom_padding=\u00bb||0px||false|false\u00bb global_colors_info=\u00bb{%22gcid-e6c6e29a-3fb5-48ba-850a-81cf03ce3598%22:%91%22title_text_color%22%93}\u00bb][\/et_pb_heading][et_pb_heading title=\u00bb3\u00ba Concurso de Espirituosos, GTO (Guanajuato, M\u00e9xico)\u00bb _builder_version=\u00bb4.27.4&#8243; _module_preset=\u00bbdefault\u00bb title_font=\u00bbbook antiqua||||||||\u00bb title_text_color=\u00bbgcid-e6c6e29a-3fb5-48ba-850a-81cf03ce3598&#8243; title_font_size=\u00bb20px\u00bb custom_margin=\u00bb0px||0px||false|false\u00bb custom_padding=\u00bb0px||0px||false|false\u00bb global_colors_info=\u00bb{%22gcid-e6c6e29a-3fb5-48ba-850a-81cf03ce3598%22:%91%22title_text_color%22%93}\u00bb][\/et_pb_heading][et_pb_text _builder_version=\u00bb4.27.4&#8243; _module_preset=\u00bbdefault\u00bb text_font=\u00bbbook antiqua||||||||\u00bb text_text_color=\u00bb#000000&#8243; text_font_size=\u00bb23px\u00bb text_line_height=\u00bb1.5em\u00bb global_colors_info=\u00bb{}\u00bb]<\/p>\n<p>\u2022 <strong>Medalla de Oro<\/strong> en las variedades Espad\u00edn y Tobal\u00e1, clase Joven.<br \/>\u2022 <strong>Medalla Gran Oro<\/strong> para nuestro mezcal Tepeztate, clase Joven.<\/p>\n<p>[\/et_pb_text][\/et_pb_column][\/et_pb_row][\/et_pb_section][et_pb_section fb_built=\u00bb1&#8243; _builder_version=\u00bb4.27.4&#8243; _module_preset=\u00bbdefault\u00bb background_image=\u00bbhttps:\/\/mezcalflordenuni.com.mx\/wp-content\/uploads\/2025\/03\/fondo-gris.png\u00bb global_colors_info=\u00bb{}\u00bb][et_pb_row column_structure=\u00bb3_5,2_5&#8243; _builder_version=\u00bb4.27.4&#8243; _module_preset=\u00bbdefault\u00bb background_image=\u00bbhttps:\/\/mezcalflordenuni.com.mx\/wp-content\/uploads\/2025\/03\/fondo-premios.png\u00bb background_position=\u00bbbottom_center\u00bb width=\u00bb100%\u00bb max_width=\u00bb2560px\u00bb global_colors_info=\u00bb{}\u00bb][et_pb_column type=\u00bb3_5&#8243; _builder_version=\u00bb4.27.4&#8243; _module_preset=\u00bbdefault\u00bb global_colors_info=\u00bb{}\u00bb][et_pb_heading title=\u00bb Premios 2024&#8243; _builder_version=\u00bb4.27.4&#8243; _module_preset=\u00bbdefault\u00bb title_font=\u00bbbook antiqua||||||||\u00bb title_text_color=\u00bbgcid-e6c6e29a-3fb5-48ba-850a-81cf03ce3598&#8243; title_font_size=\u00bb53px\u00bb width=\u00bb68%\u00bb max_width=\u00bb63%\u00bb max_width_tablet=\u00bb63%\u00bb max_width_phone=\u00bb95%\u00bb max_width_last_edited=\u00bbon|phone\u00bb module_alignment=\u00bbleft\u00bb custom_margin=\u00bb100px||0px|200px|false|false\u00bb custom_margin_tablet=\u00bb0px||0px|40px|false|false\u00bb custom_margin_phone=\u00bb0px||0px|0px|false|false\u00bb custom_margin_last_edited=\u00bbon|phone\u00bb custom_padding=\u00bb||0px|200px|false|false\u00bb custom_padding_tablet=\u00bb||0px|40px|false|false\u00bb custom_padding_phone=\u00bb||0px|20px|false|false\u00bb custom_padding_last_edited=\u00bbon|phone\u00bb title_font_size_tablet=\u00bb53px\u00bb title_font_size_phone=\u00bb53px\u00bb title_font_size_last_edited=\u00bbon|phone\u00bb global_colors_info=\u00bb{%22gcid-e6c6e29a-3fb5-48ba-850a-81cf03ce3598%22:%91%22title_text_color%22%93}\u00bb][\/et_pb_heading][et_pb_heading title=\u00bbXIII Concurso Nacional de Marcas (Cd. de M\u00e9xico, M\u00e9xico)\u00bb _builder_version=\u00bb4.27.4&#8243; _module_preset=\u00bbdefault\u00bb title_font=\u00bbbook antiqua||||||||\u00bb title_text_color=\u00bbgcid-e6c6e29a-3fb5-48ba-850a-81cf03ce3598&#8243; title_font_size=\u00bb22px\u00bb custom_margin=\u00bb||0px|200px|false|false\u00bb custom_margin_tablet=\u00bb||0px|40px|false|false\u00bb custom_margin_phone=\u00bb||0px|20px|false|false\u00bb custom_margin_last_edited=\u00bbon|phone\u00bb global_colors_info=\u00bb{%22gcid-e6c6e29a-3fb5-48ba-850a-81cf03ce3598%22:%91%22title_text_color%22%93}\u00bb][\/et_pb_heading][et_pb_text _builder_version=\u00bb4.27.4&#8243; _module_preset=\u00bbdefault\u00bb text_font=\u00bbbook antiqua||||||||\u00bb text_text_color=\u00bb#000000&#8243; text_font_size=\u00bb25px\u00bb text_line_height=\u00bb1.3em\u00bb custom_margin=\u00bb|||200px|false|false\u00bb custom_margin_tablet=\u00bb|||40px|false|false\u00bb custom_margin_phone=\u00bb|||20px|false|false\u00bb custom_margin_last_edited=\u00bbon|phone\u00bb global_colors_info=\u00bb{}\u00bb]<\/p>\n<p>\u2022<strong> Medalla de Oro<\/strong> en las variedades Tobal\u00e1 y Tepeztate, clase Joven.<\/p>\n<p>[\/et_pb_text][\/et_pb_column][et_pb_column type=\u00bb2_5&#8243; _builder_version=\u00bb4.27.4&#8243; _module_preset=\u00bbdefault\u00bb global_colors_info=\u00bb{}\u00bb][et_pb_image src=\u00bbhttps:\/\/mezcalflordenuni.com.mx\/wp-content\/uploads\/2025\/03\/reconocimiento.png\u00bb title_text=\u00bbreconocimiento\u00bb align_tablet=\u00bbcenter\u00bb align_phone=\u00bbcenter\u00bb align_last_edited=\u00bbon|phone\u00bb _builder_version=\u00bb4.27.4&#8243; _module_preset=\u00bbdefault\u00bb max_width=\u00bb46%\u00bb max_width_tablet=\u00bb40%\u00bb max_width_phone=\u00bb45%\u00bb max_width_last_edited=\u00bbon|phone\u00bb module_alignment=\u00bbleft\u00bb module_alignment_tablet=\u00bbcenter\u00bb module_alignment_phone=\u00bbcenter\u00bb module_alignment_last_edited=\u00bbon|phone\u00bb global_colors_info=\u00bb{}\u00bb][\/et_pb_image][\/et_pb_column][\/et_pb_row][\/et_pb_section][et_pb_section fb_built=\u00bb1&#8243; _builder_version=\u00bb4.27.4&#8243; _module_preset=\u00bbdefault\u00bb background_image=\u00bbhttps:\/\/mezcalflordenuni.com.mx\/wp-content\/uploads\/2025\/03\/fondo-gris-1.png\u00bb custom_padding=\u00bb0px||||false|false\u00bb global_colors_info=\u00bb{}\u00bb][et_pb_row _builder_version=\u00bb4.27.4&#8243; _module_preset=\u00bbdefault\u00bb global_colors_info=\u00bb{}\u00bb][et_pb_column type=\u00bb4_4&#8243; _builder_version=\u00bb4.27.4&#8243; _module_preset=\u00bbdefault\u00bb global_colors_info=\u00bb{}\u00bb][et_pb_heading title=\u00bbCompromiso\u00bb _builder_version=\u00bb4.27.4&#8243; _module_preset=\u00bbdefault\u00bb title_font=\u00bbbook antiqua|||on|||||\u00bb title_text_align=\u00bbcenter\u00bb title_text_color=\u00bbgcid-e6c6e29a-3fb5-48ba-850a-81cf03ce3598&#8243; title_font_size=\u00bb75px\u00bb custom_margin=\u00bb0px||0px||false|false\u00bb custom_padding=\u00bb0px||||false|false\u00bb title_font_size_tablet=\u00bb54px\u00bb title_font_size_phone=\u00bb40px\u00bb title_font_size_last_edited=\u00bbon|phone\u00bb global_colors_info=\u00bb{%22gcid-e6c6e29a-3fb5-48ba-850a-81cf03ce3598%22:%91%22title_text_color%22%93}\u00bb][\/et_pb_heading][dsm_text_divider header=\u00bbCon la Excelencia\u00bb color=\u00bbgcid-e6c6e29a-3fb5-48ba-850a-81cf03ce3598&#8243; divider_weight=\u00bb2px\u00bb _builder_version=\u00bb4.27.4&#8243; _module_preset=\u00bbdefault\u00bb header_font=\u00bbbook antiqua|600|||||||\u00bb header_text_color=\u00bbgcid-e6c6e29a-3fb5-48ba-850a-81cf03ce3598&#8243; header_font_size=\u00bb37px\u00bb width=\u00bb58%\u00bb module_alignment=\u00bbcenter\u00bb header_font_size_tablet=\u00bb31px\u00bb header_font_size_phone=\u00bb25px\u00bb header_font_size_last_edited=\u00bbon|phone\u00bb global_colors_info=\u00bb{%22gcid-e6c6e29a-3fb5-48ba-850a-81cf03ce3598%22:%91%22color%22,%22header_text_color%22%93}\u00bb][\/dsm_text_divider][\/et_pb_column][\/et_pb_row][et_pb_row column_structure=\u00bb1_2,1_2&#8243; _builder_version=\u00bb4.27.4&#8243; _module_preset=\u00bbdefault\u00bb max_width=\u00bb1337px\u00bb global_colors_info=\u00bb{}\u00bb][et_pb_column type=\u00bb1_2&#8243; _builder_version=\u00bb4.27.4&#8243; _module_preset=\u00bbdefault\u00bb global_colors_info=\u00bb{}\u00bb][et_pb_text _builder_version=\u00bb4.27.4&#8243; _module_preset=\u00bbdefault\u00bb text_font=\u00bbbook antiqua||||||||\u00bb text_text_color=\u00bb#000000&#8243; text_font_size=\u00bb24px\u00bb text_line_height=\u00bb1.4em\u00bb header_font=\u00bbbook antiqua||||||||\u00bb header_text_color=\u00bb#000000&#8243; header_font_size=\u00bb63px\u00bb custom_margin=\u00bb100px||||false|false\u00bb custom_margin_tablet=\u00bb0px||||false|false\u00bb custom_margin_phone=\u00bb0px||||false|false\u00bb custom_margin_last_edited=\u00bbon|phone\u00bb text_font_size_tablet=\u00bb18px\u00bb text_font_size_phone=\u00bb18px\u00bb text_font_size_last_edited=\u00bbon|tablet\u00bb global_colors_info=\u00bb{}\u00bb]<\/p>\n<p style=\"text-align: justify;\">Estos galardones nos motivan a seguir perfeccionando nuestra producci\u00f3n, siempre respetando las t\u00e9cnicas artesanales que hacen de Flor de \u00d1uni un mezcal aut\u00e9ntico y de alta calidad. Cada premio es un reflejo del esfuerzo y dedicaci\u00f3n que ponemos en cada botella, con el firme prop\u00f3sito de ofrecer lo mejor a nuestros consumidores.<\/p>\n<p>[\/et_pb_text][\/et_pb_column][et_pb_column type=\u00bb1_2&#8243; _builder_version=\u00bb4.27.4&#8243; _module_preset=\u00bbdefault\u00bb global_colors_info=\u00bb{}\u00bb][et_pb_image src=\u00bbhttps:\/\/mezcalflordenuni.com.mx\/wp-content\/uploads\/2025\/03\/compromiso.png\u00bb title_text=\u00bbcompromiso\u00bb align_tablet=\u00bbcenter\u00bb align_phone=\u00bbcenter\u00bb align_last_edited=\u00bbon|tablet\u00bb _builder_version=\u00bb4.27.4&#8243; _module_preset=\u00bbdefault\u00bb width=\u00bb50%\u00bb max_width=\u00bb100%\u00bb max_width_tablet=\u00bb56%\u00bb max_width_phone=\u00bb56%\u00bb max_width_last_edited=\u00bbon|tablet\u00bb module_alignment=\u00bbcenter\u00bb global_colors_info=\u00bb{}\u00bb][\/et_pb_image][\/et_pb_column][\/et_pb_row][\/et_pb_section]<\/p>\n","protected":false},"excerpt":{"rendered":"<p>Flor de \u00d1uni es un mezcal extraordinario que deja una huella en el mundo sensorial con cada sorbo. Su inigualable calidad y sabor es el sello distintivo, resultado de un proceso artesanal que preserva la autenticidad y pureza del mezcal.Honramos las t\u00e9cnicas tradicionales de producci\u00f3n, evitando el uso de elementos artificiales e industriales. Cada botella [&hellip;]<\/p>\n","protected":false},"author":1,"featured_media":0,"parent":0,"menu_order":0,"comment_status":"closed","ping_status":"closed","template":"","meta":{"_et_pb_use_builder":"on","_et_pb_old_content":"","_et_gb_content_width":"","footnotes":""},"class_list":["post-132","page","type-page","status-publish","hentry"],"_links":{"self":[{"href":"https:\/\/mezcalflordenuni.com.mx\/index.php\/wp-json\/wp\/v2\/pages\/132","targetHints":{"allow":["GET"]}}],"collection":[{"href":"https:\/\/mezcalflordenuni.com.mx\/index.php\/wp-json\/wp\/v2\/pages"}],"about":[{"href":"https:\/\/mezcalflordenuni.com.mx\/index.php\/wp-json\/wp\/v2\/types\/page"}],"author":[{"embeddable":true,"href":"https:\/\/mezcalflordenuni.com.mx\/index.php\/wp-json\/wp\/v2\/users\/1"}],"replies":[{"embeddable":true,"href":"https:\/\/mezcalflordenuni.com.mx\/index.php\/wp-json\/wp\/v2\/comments?post=132"}],"version-history":[{"count":14,"href":"https:\/\/mezcalflordenuni.com.mx\/index.php\/wp-json\/wp\/v2\/pages\/132\/revisions"}],"predecessor-version":[{"id":368,"href":"https:\/\/mezcalflordenuni.com.mx\/index.php\/wp-json\/wp\/v2\/pages\/132\/revisions\/368"}],"wp:attachment":[{"href":"https:\/\/mezcalflordenuni.com.mx\/index.php\/wp-json\/wp\/v2\/media?parent=132"}],"curies":[{"name":"wp","href":"https:\/\/api.w.org\/{rel}","templated":true}]}}